{"id":254,"date":"2018-08-23T19:52:20","date_gmt":"2018-08-23T17:52:20","guid":{"rendered":"https:\/\/www.artecreativo.de\/wordpress\/?page_id=254"},"modified":"2026-03-11T19:15:33","modified_gmt":"2026-03-11T18:15:33","slug":"referenzen","status":"publish","type":"page","link":"https:\/\/www.artecreativo.de\/wordpress\/referenzen\/","title":{"rendered":"Referenzen"},"content":{"rendered":"\n<p>Mit folgenden Unternehmen \/ Personen haben wir bisher erfolgreich zusammengearbeitet. Diesbez\u00fcgliches Bildmaterial und schriftliche Referenzen stellen wir gerne auch per E-Mail zur Verf\u00fcgung.<\/p>\n\n\n\n<div style=\"height:20px\" aria-hidden=\"true\" class=\"wp-block-spacer\"><\/div>\n\n\n\n<div class=\"wp-block-group\"><div class=\"wp-block-group__inner-container is-layout-constrained wp-block-group-is-layout-constrained\">\n<p class=\"has-text-align-left\"><strong>ADTRACON GmbH<\/strong><\/p>\n\n\n\n<ul class=\"wp-block-list\">\n<li>Beratung in den Bereichen Technik &amp; Webdesign<\/li>\n\n\n\n<li>Betreuung der Firmen-Webseite seit 2024<\/li>\n\n\n\n<li>Bereitstellung einer Cloud-Infrastruktur auf Basis von Nextcloud<\/li>\n\n\n\n<li>Erstellung diverser Druckvorlagen<\/li>\n\n\n\n<li>Produktfotografie<\/li>\n\n\n\n<li>Fotografische Begleitung von Firmenveranstaltungen<\/li>\n<\/ul>\n\n\n\n<div style=\"height:20px\" aria-hidden=\"true\" class=\"wp-block-spacer\"><\/div>\n<\/div><\/div>\n\n\n\n<div class=\"wp-block-group\"><div class=\"wp-block-group__inner-container is-layout-constrained wp-block-group-is-layout-constrained\">\n<p><strong>Auto Heroes &#8211; &#8222;Hommes et Autos de Caract\u00e8re&#8220;<\/strong><\/p>\n\n\n\n<ul class=\"wp-block-list\">\n<li>Erstellung einer mehrseitigen Foto-Strecke f\u00fcr die Ausgabe 7 (07\/2017) des franz\u00f6sischen Auto-Magazins &#8222;Auto Heroes&#8220;<\/li>\n<\/ul>\n\n\n\n<div style=\"height:20px\" aria-hidden=\"true\" class=\"wp-block-spacer\"><\/div>\n<\/div><\/div>\n\n\n\n<div class=\"wp-block-group\"><div class=\"wp-block-group__inner-container is-layout-constrained wp-block-group-is-layout-constrained\">\n<p><strong>AutoSL<\/strong> <strong>D\u00fcsseldorf<\/strong><\/p>\n\n\n\n<ul class=\"wp-block-list\">\n<li>Fahrzeugfotografie<\/li>\n<\/ul>\n\n\n\n<div style=\"height:20px\" aria-hidden=\"true\" class=\"wp-block-spacer\"><\/div>\n<\/div><\/div>\n\n\n\n<div class=\"wp-block-group\"><div class=\"wp-block-group__inner-container is-layout-constrained wp-block-group-is-layout-constrained\">\n<p><strong>Classic Remise D\u00fcsseldorf<\/strong><\/p>\n\n\n\n<ul class=\"wp-block-list\">\n<li>Organisation von sogenannten &#8222;Vintage-Shootings&#8220; (Portrait-Shootings in Oldtimer-Kulisse)<\/li>\n\n\n\n<li>Eventfotografie<\/li>\n\n\n\n<li>Fotografische Begleitung von Gro\u00dfveranstaltungen<\/li>\n\n\n\n<li>Fahrzeugfotografie<\/li>\n\n\n\n<li>Erstellung von Fotografien f\u00fcr Werbemittel (Flyer, Ank\u00fcndigungen)<\/li>\n\n\n\n<li>Fotografische Begleitung von Messest\u00e4nden<\/li>\n<\/ul>\n\n\n\n<div style=\"height:20px\" aria-hidden=\"true\" class=\"wp-block-spacer\"><\/div>\n<\/div><\/div>\n\n\n\n<div class=\"wp-block-group\"><div class=\"wp-block-group__inner-container is-layout-constrained wp-block-group-is-layout-constrained\">\n<p><strong>e-cargo Bochum<\/strong><\/p>\n\n\n\n<ul class=\"wp-block-list\">\n<li>Fotografische &#8222;in Szene&#8220; setzen von innovativen Elektro-Fahrzeugen<\/li>\n\n\n\n<li>Erstellung von Bildmaterial f\u00fcr Flyer &amp; anderes Werbematerial<\/li>\n\n\n\n<li>Logo &amp; Design-Beratung<\/li>\n\n\n\n<li>Anfertigung einer Foto-Strecke f\u00fcr das IHK-Magazin &#8222;WIR&#8220; (Ausgabe 07\/08.2018)<\/li>\n<\/ul>\n\n\n\n<div style=\"height:20px\" aria-hidden=\"true\" class=\"wp-block-spacer\"><\/div>\n<\/div><\/div>\n\n\n\n<div class=\"wp-block-group\"><div class=\"wp-block-group__inner-container is-layout-constrained wp-block-group-is-layout-constrained\">\n<p><strong>Elternkreis Mettmann<\/strong><\/p>\n\n\n\n<ul class=\"wp-block-list\">\n<li>Betreuung der Webseite<\/li>\n\n\n\n<li>Ununterbrochene technische Betreuung der Webseite seit 2021<\/li>\n\n\n\n<li>Bereitstellung einer Cloud-Infrastruktur auf Basis von Nextcloud<\/li>\n\n\n\n<li>Fortlaufende Beratung in Sachen Design &amp; Technik<\/li>\n<\/ul>\n\n\n\n<div style=\"height:20px\" aria-hidden=\"true\" class=\"wp-block-spacer\"><\/div>\n<\/div><\/div>\n\n\n\n<div class=\"wp-block-group\"><div class=\"wp-block-group__inner-container is-layout-constrained wp-block-group-is-layout-constrained\">\n<p><strong>Eltern suchtkranker Kinder<\/strong> <strong>e.V.<\/strong><\/p>\n\n\n\n<ul class=\"wp-block-list\">\n<li>Erstellung und Betreuung der Webseite auf Basis von WordPress<\/li>\n\n\n\n<li>Erstellung und Betreuung eines Forums auf Basis von phpBB<\/li>\n\n\n\n<li>Ununterbrochene technische Betreuung der Webseite seit 2023<\/li>\n\n\n\n<li>Fortlaufende Beratung in Sachen Konzept, Design &amp; Technik<\/li>\n<\/ul>\n\n\n\n<div style=\"height:20px\" aria-hidden=\"true\" class=\"wp-block-spacer\"><\/div>\n<\/div><\/div>\n\n\n\n<div class=\"wp-block-group\"><div class=\"wp-block-group__inner-container is-layout-constrained wp-block-group-is-layout-constrained\">\n<p><strong>GOB Software &amp; Systeme GmbH &amp; Co. KG<\/strong><\/p>\n\n\n\n<ul class=\"wp-block-list\">\n<li>Fotografische Begleitung diverser Firmenveranstaltungen und dies seit fast einem Jahrzehnt<\/li>\n<\/ul>\n\n\n\n<div style=\"height:21px\" aria-hidden=\"true\" class=\"wp-block-spacer\"><\/div>\n<\/div><\/div>\n\n\n\n<div class=\"wp-block-group\"><div class=\"wp-block-group__inner-container is-layout-constrained wp-block-group-is-layout-constrained\">\n<p><strong>HGR Polymer Solutions GmbH<\/strong><\/p>\n\n\n\n<ul class=\"wp-block-list\">\n<li>Beratung in den Bereichen Technik &amp; Webdesign<\/li>\n\n\n\n<li>Erstellung einer Firmen-Webseite<\/li>\n\n\n\n<li>Ununterbrochene technische Betreuung der Firmen-Webseite seit 2021<\/li>\n\n\n\n<li>Bereitstellung einer Cloud-Infrastruktur auf Basis von Nextcloud<\/li>\n\n\n\n<li>Erstellung von Fotografien f\u00fcr Werbemittel (Flyer, Presse)<\/li>\n\n\n\n<li>Fotografisches \u201ein Szene\u201c setzen von Produktions- und Verpackungsvorg\u00e4ngen<\/li>\n<\/ul>\n\n\n\n<div style=\"height:20px\" aria-hidden=\"true\" class=\"wp-block-spacer\"><\/div>\n<\/div><\/div>\n\n\n\n<div class=\"wp-block-group\"><div class=\"wp-block-group__inner-container is-layout-constrained wp-block-group-is-layout-constrained\">\n<p><strong>HS-D|U|C|T<\/strong><\/p>\n\n\n\n<ul class=\"wp-block-list\">\n<li>Erstellung einer Produkt-Webseite auf Basis von WordPress<\/li>\n\n\n\n<li>Ununterbrochene technische Betreuung der Produkt-Webseite seit 2024<\/li>\n<\/ul>\n\n\n\n<div style=\"height:20px\" aria-hidden=\"true\" class=\"wp-block-spacer\"><\/div>\n<\/div><\/div>\n\n\n\n<div class=\"wp-block-group\"><div class=\"wp-block-group__inner-container is-layout-constrained wp-block-group-is-layout-constrained\">\n<p><strong>Katholische Akademie &#8222;Die Wolfsburg&#8220;<\/strong><\/p>\n\n\n\n<ul class=\"wp-block-list\">\n<li>Fotografische Begleitung von Abendveranstaltungen, Vernisagen &amp; Konzerten<\/li>\n\n\n\n<li>Bereitstellung eines Dozenten zum Thema &#8222;Bergbau &amp; Strukturwandel&#8220;<\/li>\n\n\n\n<li>Mehrt\u00e4gige Foto-Coachings f\u00fcr Teilnehmergruppen<\/li>\n\n\n\n<li>Bereitstellung diverser Fotografien f\u00fcr Webseite und Print-Medien aus diesem Hause<\/li>\n\n\n\n<li>Programmierung von Micro-Websites f\u00fcr diverse Veranstaltungen<\/li>\n\n\n\n<li>Kuratierung von Foto-Ausstellungen<\/li>\n<\/ul>\n\n\n\n<div style=\"height:20px\" aria-hidden=\"true\" class=\"wp-block-spacer\"><\/div>\n<\/div><\/div>\n\n\n\n<div class=\"wp-block-group\"><div class=\"wp-block-group__inner-container is-layout-constrained wp-block-group-is-layout-constrained\">\n<p><strong>Katholische Akademie Hamburg<\/strong><\/p>\n\n\n\n<ul class=\"wp-block-list\">\n<li>Bereitstellung einer Foto-Strecke f\u00fcr ein Programmheft<\/li>\n\n\n\n<li>Interview<\/li>\n<\/ul>\n\n\n\n<div style=\"height:20px\" aria-hidden=\"true\" class=\"wp-block-spacer\"><\/div>\n<\/div><\/div>\n\n\n\n<div class=\"wp-block-group\"><div class=\"wp-block-group__inner-container is-layout-constrained wp-block-group-is-layout-constrained\">\n<p><strong>Moparshop<\/strong><\/p>\n\n\n\n<ul class=\"wp-block-list\">\n<li>Fotografische Begleitung diverser Veranstaltungen<\/li>\n\n\n\n<li>Anfertigung von Aufnahmen f\u00fcr einen Webshop<\/li>\n<\/ul>\n\n\n\n<div style=\"height:20px\" aria-hidden=\"true\" class=\"wp-block-spacer\"><\/div>\n<\/div><\/div>\n\n\n\n<div class=\"wp-block-group\"><div class=\"wp-block-group__inner-container is-layout-constrained wp-block-group-is-layout-constrained\">\n<p><strong>Oldtimer NRW<\/strong><\/p>\n\n\n\n<ul class=\"wp-block-list\">\n<li>Beratung und Erstellung eines Corporate Designs (Logos, Farben, Webseite)<\/li>\n\n\n\n<li>Erstellung der Firmen-Webseite auf Basis von WordPress<\/li>\n\n\n\n<li>Ununterbrochene technische Betreuung der Webseite seit 2010<\/li>\n\n\n\n<li>Fortlaufende Beratung in Sachen Foto-Equipment &amp; Technik<\/li>\n<\/ul>\n\n\n\n<div style=\"height:20px\" aria-hidden=\"true\" class=\"wp-block-spacer\"><\/div>\n<\/div><\/div>\n\n\n\n<div class=\"wp-block-group\"><div class=\"wp-block-group__inner-container is-layout-constrained wp-block-group-is-layout-constrained\">\n<p><strong>Sabosol GmbH<\/strong><\/p>\n\n\n\n<ul class=\"wp-block-list\">\n<li>Erstellung einer Firmen-Webseite auf Basis von WordPress<\/li>\n<\/ul>\n\n\n\n<div style=\"height:20px\" aria-hidden=\"true\" class=\"wp-block-spacer\"><\/div>\n<\/div><\/div>\n\n\n\n<div class=\"wp-block-columns is-layout-flex wp-container-core-columns-is-layout-76136483 wp-block-columns-is-layout-flex\" style=\"margin-top:0;margin-bottom:0;padding-top:0;padding-right:0;padding-bottom:0;padding-left:0\">\n<div class=\"wp-block-column is-layout-flow wp-container-core-column-is-layout-d0ebfbf0 wp-block-column-is-layout-flow\" style=\"border-top-style:none;border-top-width:0px;border-right-color:var(--wp--preset--color--cyan-bluish-gray);border-right-width:1px;border-bottom-style:none;border-bottom-width:0px;border-left-style:none;border-left-width:0px;padding-right:var(--wp--preset--spacing--30)\"><\/div>\n\n\n\n<div class=\"wp-block-column is-layout-flow wp-block-column-is-layout-flow\" style=\"padding-right:0;padding-left:var(--wp--preset--spacing--30)\"><\/div>\n<\/div>\n\n\n\n<p><strong>&#8230; und wann d\u00fcrfen wir Sie als unseren Kunden begr\u00fc\u00dfen?<\/strong><\/p>\n","protected":false},"excerpt":{"rendered":"<p>Mit folgenden Unternehmen \/ Personen haben wir bisher erfolgreich zusammengearbeitet. Diesbez\u00fcgliches Bildmaterial und schriftliche Referenzen stellen wir gerne auch per E-Mail zur Verf\u00fcgung. ADTRACON GmbH Auto Heroes &#8211; &#8222;Hommes et Autos de Caract\u00e8re&#8220; AutoSL D\u00fcsseldorf Classic Remise D\u00fcsseldorf e-cargo Bochum Elternkreis Mettmann Eltern suchtkranker Kinder e.V. GOB Software &amp; Systeme &hellip;<\/p>\n","protected":false},"author":1,"featured_media":0,"parent":0,"menu_order":0,"comment_status":"closed","ping_status":"closed","template":"","meta":{"footnotes":""},"class_list":["post-254","page","type-page","status-publish","hentry"],"yoast_head":"<!-- This site is optimized with the Yoast SEO plugin v27.4 - https:\/\/yoast.com\/product\/yoast-seo-wordpress\/ -->\n<title>Referenzen - Arte Creativo<\/title>\n<meta name=\"robots\" content=\"index, follow, max-snippet:-1, max-image-preview:large, max-video-preview:-1\" \/>\n<link rel=\"canonical\" href=\"https:\/\/www.artecreativo.de\/wordpress\/referenzen\/\" \/>\n<meta property=\"og:locale\" content=\"de_DE\" \/>\n<meta property=\"og:type\" content=\"article\" \/>\n<meta property=\"og:title\" content=\"Referenzen - Arte Creativo\" \/>\n<meta property=\"og:description\" content=\"Mit folgenden Unternehmen \/ Personen haben wir bisher erfolgreich zusammengearbeitet. Diesbez\u00fcgliches Bildmaterial und schriftliche Referenzen stellen wir gerne auch per E-Mail zur Verf\u00fcgung. ADTRACON GmbH Auto Heroes &#8211; &#8222;Hommes et Autos de Caract\u00e8re&#8220; AutoSL D\u00fcsseldorf Classic Remise D\u00fcsseldorf e-cargo Bochum Elternkreis Mettmann Eltern suchtkranker Kinder e.V. GOB Software &amp; Systeme &hellip;\" \/>\n<meta property=\"og:url\" content=\"https:\/\/www.artecreativo.de\/wordpress\/referenzen\/\" \/>\n<meta property=\"og:site_name\" content=\"Arte Creativo\" \/>\n<meta property=\"article:modified_time\" content=\"2026-03-11T18:15:33+00:00\" \/>\n<meta name=\"twitter:card\" content=\"summary_large_image\" \/>\n<meta name=\"twitter:label1\" content=\"Gesch\u00e4tzte Lesezeit\" \/>\n\t<meta name=\"twitter:data1\" content=\"3\u00a0Minuten\" \/>\n<script type=\"application\/ld+json\" class=\"yoast-schema-graph\">{\"@context\":\"https:\\\/\\\/schema.org\",\"@graph\":[{\"@type\":\"WebPage\",\"@id\":\"https:\\\/\\\/www.artecreativo.de\\\/wordpress\\\/referenzen\\\/\",\"url\":\"https:\\\/\\\/www.artecreativo.de\\\/wordpress\\\/referenzen\\\/\",\"name\":\"Referenzen - Arte Creativo\",\"isPartOf\":{\"@id\":\"https:\\\/\\\/www.artecreativo.de\\\/wordpress\\\/#website\"},\"datePublished\":\"2018-08-23T17:52:20+00:00\",\"dateModified\":\"2026-03-11T18:15:33+00:00\",\"breadcrumb\":{\"@id\":\"https:\\\/\\\/www.artecreativo.de\\\/wordpress\\\/referenzen\\\/#breadcrumb\"},\"inLanguage\":\"de\",\"potentialAction\":[{\"@type\":\"ReadAction\",\"target\":[\"https:\\\/\\\/www.artecreativo.de\\\/wordpress\\\/referenzen\\\/\"]}]},{\"@type\":\"BreadcrumbList\",\"@id\":\"https:\\\/\\\/www.artecreativo.de\\\/wordpress\\\/referenzen\\\/#breadcrumb\",\"itemListElement\":[{\"@type\":\"ListItem\",\"position\":1,\"name\":\"Startseite\",\"item\":\"https:\\\/\\\/www.artecreativo.de\\\/wordpress\\\/\"},{\"@type\":\"ListItem\",\"position\":2,\"name\":\"Referenzen\"}]},{\"@type\":\"WebSite\",\"@id\":\"https:\\\/\\\/www.artecreativo.de\\\/wordpress\\\/#website\",\"url\":\"https:\\\/\\\/www.artecreativo.de\\\/wordpress\\\/\",\"name\":\"Arte Creativo\",\"description\":\"Fotodesign &amp; Webgestaltung\",\"publisher\":{\"@id\":\"https:\\\/\\\/www.artecreativo.de\\\/wordpress\\\/#organization\"},\"potentialAction\":[{\"@type\":\"SearchAction\",\"target\":{\"@type\":\"EntryPoint\",\"urlTemplate\":\"https:\\\/\\\/www.artecreativo.de\\\/wordpress\\\/?s={search_term_string}\"},\"query-input\":{\"@type\":\"PropertyValueSpecification\",\"valueRequired\":true,\"valueName\":\"search_term_string\"}}],\"inLanguage\":\"de\"},{\"@type\":\"Organization\",\"@id\":\"https:\\\/\\\/www.artecreativo.de\\\/wordpress\\\/#organization\",\"name\":\"Arte Creativo\",\"url\":\"https:\\\/\\\/www.artecreativo.de\\\/wordpress\\\/\",\"logo\":{\"@type\":\"ImageObject\",\"inLanguage\":\"de\",\"@id\":\"https:\\\/\\\/www.artecreativo.de\\\/wordpress\\\/#\\\/schema\\\/logo\\\/image\\\/\",\"url\":\"https:\\\/\\\/www.artecreativo.de\\\/wordpress\\\/wp-content\\\/uploads\\\/2018\\\/08\\\/cropped-Logo-840px.png\",\"contentUrl\":\"https:\\\/\\\/www.artecreativo.de\\\/wordpress\\\/wp-content\\\/uploads\\\/2018\\\/08\\\/cropped-Logo-840px.png\",\"width\":840,\"height\":151,\"caption\":\"Arte Creativo\"},\"image\":{\"@id\":\"https:\\\/\\\/www.artecreativo.de\\\/wordpress\\\/#\\\/schema\\\/logo\\\/image\\\/\"}}]}<\/script>\n<!-- \/ Yoast SEO plugin. -->","yoast_head_json":{"title":"Referenzen - Arte Creativo","robots":{"index":"index","follow":"follow","max-snippet":"max-snippet:-1","max-image-preview":"max-image-preview:large","max-video-preview":"max-video-preview:-1"},"canonical":"https:\/\/www.artecreativo.de\/wordpress\/referenzen\/","og_locale":"de_DE","og_type":"article","og_title":"Referenzen - Arte Creativo","og_description":"Mit folgenden Unternehmen \/ Personen haben wir bisher erfolgreich zusammengearbeitet. Diesbez\u00fcgliches Bildmaterial und schriftliche Referenzen stellen wir gerne auch per E-Mail zur Verf\u00fcgung. ADTRACON GmbH Auto Heroes &#8211; &#8222;Hommes et Autos de Caract\u00e8re&#8220; AutoSL D\u00fcsseldorf Classic Remise D\u00fcsseldorf e-cargo Bochum Elternkreis Mettmann Eltern suchtkranker Kinder e.V. GOB Software &amp; Systeme &hellip;","og_url":"https:\/\/www.artecreativo.de\/wordpress\/referenzen\/","og_site_name":"Arte Creativo","article_modified_time":"2026-03-11T18:15:33+00:00","twitter_card":"summary_large_image","twitter_misc":{"Gesch\u00e4tzte Lesezeit":"3\u00a0Minuten"},"schema":{"@context":"https:\/\/schema.org","@graph":[{"@type":"WebPage","@id":"https:\/\/www.artecreativo.de\/wordpress\/referenzen\/","url":"https:\/\/www.artecreativo.de\/wordpress\/referenzen\/","name":"Referenzen - Arte Creativo","isPartOf":{"@id":"https:\/\/www.artecreativo.de\/wordpress\/#website"},"datePublished":"2018-08-23T17:52:20+00:00","dateModified":"2026-03-11T18:15:33+00:00","breadcrumb":{"@id":"https:\/\/www.artecreativo.de\/wordpress\/referenzen\/#breadcrumb"},"inLanguage":"de","potentialAction":[{"@type":"ReadAction","target":["https:\/\/www.artecreativo.de\/wordpress\/referenzen\/"]}]},{"@type":"BreadcrumbList","@id":"https:\/\/www.artecreativo.de\/wordpress\/referenzen\/#breadcrumb","itemListElement":[{"@type":"ListItem","position":1,"name":"Startseite","item":"https:\/\/www.artecreativo.de\/wordpress\/"},{"@type":"ListItem","position":2,"name":"Referenzen"}]},{"@type":"WebSite","@id":"https:\/\/www.artecreativo.de\/wordpress\/#website","url":"https:\/\/www.artecreativo.de\/wordpress\/","name":"Arte Creativo","description":"Fotodesign &amp; Webgestaltung","publisher":{"@id":"https:\/\/www.artecreativo.de\/wordpress\/#organization"},"potentialAction":[{"@type":"SearchAction","target":{"@type":"EntryPoint","urlTemplate":"https:\/\/www.artecreativo.de\/wordpress\/?s={search_term_string}"},"query-input":{"@type":"PropertyValueSpecification","valueRequired":true,"valueName":"search_term_string"}}],"inLanguage":"de"},{"@type":"Organization","@id":"https:\/\/www.artecreativo.de\/wordpress\/#organization","name":"Arte Creativo","url":"https:\/\/www.artecreativo.de\/wordpress\/","logo":{"@type":"ImageObject","inLanguage":"de","@id":"https:\/\/www.artecreativo.de\/wordpress\/#\/schema\/logo\/image\/","url":"https:\/\/www.artecreativo.de\/wordpress\/wp-content\/uploads\/2018\/08\/cropped-Logo-840px.png","contentUrl":"https:\/\/www.artecreativo.de\/wordpress\/wp-content\/uploads\/2018\/08\/cropped-Logo-840px.png","width":840,"height":151,"caption":"Arte Creativo"},"image":{"@id":"https:\/\/www.artecreativo.de\/wordpress\/#\/schema\/logo\/image\/"}}]}},"_links":{"self":[{"href":"https:\/\/www.artecreativo.de\/wordpress\/wp-json\/wp\/v2\/pages\/254","targetHints":{"allow":["GET"]}}],"collection":[{"href":"https:\/\/www.artecreativo.de\/wordpress\/wp-json\/wp\/v2\/pages"}],"about":[{"href":"https:\/\/www.artecreativo.de\/wordpress\/wp-json\/wp\/v2\/types\/page"}],"author":[{"embeddable":true,"href":"https:\/\/www.artecreativo.de\/wordpress\/wp-json\/wp\/v2\/users\/1"}],"replies":[{"embeddable":true,"href":"https:\/\/www.artecreativo.de\/wordpress\/wp-json\/wp\/v2\/comments?post=254"}],"version-history":[{"count":38,"href":"https:\/\/www.artecreativo.de\/wordpress\/wp-json\/wp\/v2\/pages\/254\/revisions"}],"predecessor-version":[{"id":1293,"href":"https:\/\/www.artecreativo.de\/wordpress\/wp-json\/wp\/v2\/pages\/254\/revisions\/1293"}],"wp:attachment":[{"href":"https:\/\/www.artecreativo.de\/wordpress\/wp-json\/wp\/v2\/media?parent=254"}],"curies":[{"name":"wp","href":"https:\/\/api.w.org\/{rel}","templated":true}]}}